{"id":741,"date":"2020-05-26T12:07:06","date_gmt":"2020-05-26T12:07:06","guid":{"rendered":"https:\/\/www.yoga-moments.at\/?page_id=741"},"modified":"2026-03-18T05:29:02","modified_gmt":"2026-03-18T05:29:02","slug":"yoga-moments-outside","status":"publish","type":"page","link":"https:\/\/www.yoga-moments.at\/?page_id=741","title":{"rendered":"Yoga Moments outside"},"content":{"rendered":"<h1>Yoga Moments outside<\/h1>\n<h2 style=\"text-align: right;\">Sommer 2026<br \/>\nRapoldipark Innsbruck<br \/>\nsamstags<\/h2>\n<p>&nbsp;<\/p>\n<p>Wer h\u00e4tte es gedacht? Tats\u00e4chlich werden die Yoga Moments outside auch 2026 wieder stattfinden &#8211; und ich bin schon voller Vorfreude!<\/p>\n<p>\u00dcber den K\u00f6pfen blauer Himmel, in den an manchen Tagen vorbeiziehende Wolken gezeichnet sind; auf der Haut sp\u00fcrbar ein laues L\u00fcftchen, das das Versprechen von Sommer in sich tr\u00e4gt; gebettet auf weichem Gras, auf dem oft noch eine letzte Idee Morgentau glitzert; umgeben von Vogelgezwitscher, das aus den schattenspendenden B\u00e4umen zu h\u00f6ren ist \u2026<br data-start=\"450\" data-end=\"453\" \/>All das (und noch viel mehr) macht die Praxis im Freien zu einem ganz besonderen Erlebnis \u2013 zu einem Erlebnis aller Sinne.<\/p>\n<p>&nbsp;<\/p>\n<h2><strong>Wann? Wo? Wie?<\/strong><\/h2>\n<p><strong><em>RAPOLDIPARK INNSBRUCK<\/em><\/strong><\/p>\n<p><strong><em>Samstags ab Juni 2026<br \/>\n(bis voraussichtlich 22. August)<br \/>\n09:00 Uhr (60 Min)<\/em><\/strong><\/p>\n<h2>Anmeldung<\/h2>\n<p>Um m\u00f6glichst flexibel zu sein habe ich eine WhatsApp sowie eine Signal Gruppe erstellt in der es m\u00f6glich ist, sich jeweils kurzfristig und unkompliziert f\u00fcr den gew\u00fcnschten Termin fix anzumelden.<br \/>\nHier ist es auch m\u00f6glich sich nochmal kurzzuschlie\u00dfen falls hinsichtlich des Wetters Unsicherheit besteht, oder aus sonstigen Gr\u00fcnden ein Termin, oder die Anmeldung, abgesagt werden m\u00fcsste.<br \/>\nWer vollkommen unverbindlich in eine der Gruppen aufgenommen werden mag, kann sich ganz einfach \u00fcber folgendes Kontaktformular registrieren:<\/p>\n\n<div class=\"wpcf7 no-js\" id=\"wpcf7-f2428-o1\" lang=\"de-DE\" dir=\"ltr\" data-wpcf7-id=\"2428\">\n<div class=\"screen-reader-response\"><p role=\"status\" aria-live=\"polite\" aria-atomic=\"true\"><\/p> <ul><\/ul><\/div>\n<form action=\"\/index.php?rest_route=%2Fwp%2Fv2%2Fpages%2F741#wpcf7-f2428-o1\" method=\"post\" class=\"wpcf7-form init\" aria-label=\"Kontaktformular\" novalidate=\"novalidate\" data-status=\"init\">\n<fieldset class=\"hidden-fields-container\"><input type=\"hidden\" name=\"_wpcf7\" value=\"2428\" \/><input type=\"hidden\" name=\"_wpcf7_version\" value=\"6.1.7\" \/><input type=\"hidden\" name=\"_wpcf7_locale\" value=\"de_DE\" \/><input type=\"hidden\" name=\"_wpcf7_unit_tag\" value=\"wpcf7-f2428-o1\" \/><input type=\"hidden\" name=\"_wpcf7_container_post\" value=\"0\" \/><input type=\"hidden\" name=\"_wpcf7_posted_data_hash\" value=\"\" \/><input type=\"hidden\" name=\"_wpcf7_recaptcha_response\" value=\"\" \/>\n<\/fieldset>\n<p><span class=\"wpcf7-form-control-wrap\" data-name=\"acceptance-878\"><span class=\"wpcf7-form-control wpcf7-acceptance\"><span class=\"wpcf7-list-item\"><label><input type=\"checkbox\" name=\"acceptance-878\" value=\"1\" aria-invalid=\"false\" \/><span class=\"wpcf7-list-item-label\"><strong>* Ich m\u00f6chte unverbindlich in die Yoga Moments outside WhatsApp\/Signal-Gruppe (unten ausw\u00e4hlen), f\u00fcr die Anmeldung zum jeweiligen Termin, aufgenommen werden.<\/strong><\/span><\/label><\/span><\/span><\/span>\n<\/p>\n<p>W\u00e4hle aus (WhatsApp \/ Signal): <span class=\"wpcf7-form-control-wrap\" data-name=\"menu-133\"><select class=\"wpcf7-form-control wpcf7-select wpcf7-validates-as-required\" aria-required=\"true\" aria-invalid=\"false\" name=\"menu-133\"><option value=\"\">&#8211; Bitte ausw\u00e4hlen &#8211;<\/option><option value=\"WhatsApp\">WhatsApp<\/option><option value=\"Signal\">Signal<\/option><\/select><\/span>\n<\/p>\n<p><label> Vorname* <span class=\"wpcf7-form-control-wrap\" data-name=\"vorname\"><input size=\"40\" maxlength=\"400\" class=\"wpcf7-form-control wpcf7-text wpcf7-validates-as-required\" aria-required=\"true\" aria-invalid=\"false\" value=\"\" type=\"text\" name=\"vorname\" \/><\/span> <\/label><br \/>\n<label> Nachname* <span class=\"wpcf7-form-control-wrap\" data-name=\"nachname\"><input size=\"40\" maxlength=\"400\" class=\"wpcf7-form-control wpcf7-text wpcf7-validates-as-required\" aria-required=\"true\" aria-invalid=\"false\" value=\"\" type=\"text\" name=\"nachname\" \/><\/span> <\/label><br \/>\n<label> Telefonnummer* <span class=\"wpcf7-form-control-wrap\" data-name=\"telefon\"><input size=\"40\" maxlength=\"400\" class=\"wpcf7-form-control wpcf7-tel wpcf7-validates-as-required wpcf7-text wpcf7-validates-as-tel\" aria-required=\"true\" aria-invalid=\"false\" value=\"\" type=\"tel\" name=\"telefon\" \/><\/span> <\/label>\n<\/p>\n<p><input class=\"wpcf7-form-control wpcf7-submit has-spinner\" type=\"submit\" value=\"Anmelden\" \/>\n<\/p><div class=\"wpcf7-response-output\" aria-hidden=\"true\"><\/div>\n<\/form>\n<\/div>\n\n<p>Ansonsten ist es auch m\u00f6glich mir einfach ein Mail an <a href=\"&#x6d;&#x61;&#x69;&#x6c;&#116;&#111;&#58;al&#x65;&#x78;&#x40;&#x79;&#x6f;&#103;&#97;&#45;mo&#x6d;&#x65;&#x6e;&#x74;&#x73;&#46;&#97;&#116;\">a&#108;&#x65;&#x78;&#64;&#121;&#111;&#x67;&#x61;-&#109;&#111;&#x6d;&#x65;n&#116;&#x73;&#x2e;&#x61;t<\/a> zukommen zu lassen.<\/p>\n<p>&nbsp;<\/p>\n<hr \/>\n<p><em><strong>Bei Sch\u00f6nwetter gibt es keine Teilnehmer-Begrenzung. Jede\/r ist herzlich willkommen!<br \/>\nBei Schlechtwetter kann ich mit einer kleinen Gruppe in den Freiraum ausweichen. Das hei\u00dft mit den ersten 10 Anmeldungen ;)\u00a0<\/strong><\/em><br \/>\n<em><strong>Ich bitte dich deine Matte (und was du sonst noch zum Wohlf\u00fchlen auf der Matte brauchst) selbst mitzubringen.<\/strong><\/em><\/p>\n<p>F\u00fcr Fragen oder weitere Infos stehe ich wie immer jederzeit zur Verf\u00fcgung!<br \/>\nIch freu mich!!!!<\/p>\n","protected":false},"excerpt":{"rendered":"<p>Yoga Moments outside Sommer 2026 Rapoldipark Innsbruck samstags &nbsp; Wer h\u00e4tte es gedacht? Tats\u00e4chlich werden die Yoga Moments outside auch 2026 wieder stattfinden &#8211; und ich bin schon voller Vorfreude! \u00dcber den K\u00f6pfen blauer Himmel, in den an manchen Tagen vorbeiziehende Wolken gezeichnet sind; auf der Haut sp\u00fcrbar ein laues L\u00fcftchen, das das Versprechen von [&hellip;]<\/p>\n","protected":false},"author":2,"featured_media":2043,"parent":0,"menu_order":0,"comment_status":"closed","ping_status":"closed","template":"templates\/fullwidth.php","meta":{"footnotes":""},"class_list":["post-741","page","type-page","status-publish","has-post-thumbnail","hentry","page-entry","loop-entry","clr"],"_links":{"self":[{"href":"https:\/\/www.yoga-moments.at\/index.php?rest_route=\/wp\/v2\/pages\/741","targetHints":{"allow":["GET"]}}],"collection":[{"href":"https:\/\/www.yoga-moments.at\/index.php?rest_route=\/wp\/v2\/pages"}],"about":[{"href":"https:\/\/www.yoga-moments.at\/index.php?rest_route=\/wp\/v2\/types\/page"}],"author":[{"embeddable":true,"href":"https:\/\/www.yoga-moments.at\/index.php?rest_route=\/wp\/v2\/users\/2"}],"replies":[{"embeddable":true,"href":"https:\/\/www.yoga-moments.at\/index.php?rest_route=%2Fwp%2Fv2%2Fcomments&post=741"}],"version-history":[{"count":33,"href":"https:\/\/www.yoga-moments.at\/index.php?rest_route=\/wp\/v2\/pages\/741\/revisions"}],"predecessor-version":[{"id":4578,"href":"https:\/\/www.yoga-moments.at\/index.php?rest_route=\/wp\/v2\/pages\/741\/revisions\/4578"}],"wp:featuredmedia":[{"embeddable":true,"href":"https:\/\/www.yoga-moments.at\/index.php?rest_route=\/wp\/v2\/media\/2043"}],"wp:attachment":[{"href":"https:\/\/www.yoga-moments.at\/index.php?rest_route=%2Fwp%2Fv2%2Fmedia&parent=741"}],"curies":[{"name":"wp","href":"https:\/\/api.w.org\/{rel}","templated":true}]}}